{"id":3,"date":"2022-09-16T11:24:01","date_gmt":"2022-09-16T09:24:01","guid":{"rendered":"http:\/\/serina.sk\/de\/?page_id=3"},"modified":"2022-11-26T08:38:41","modified_gmt":"2022-11-26T07:38:41","slug":"datenschutz-bestimmungen","status":"publish","type":"page","link":"https:\/\/serina.sk\/de\/datenschutz-bestimmungen\/","title":{"rendered":"Datenschutz-Bestimmungen"},"content":{"rendered":"\n<style type=\"text\/css\" data-created_by=\"avia_inline_auto\" id=\"style-css-av-lah4gr7r-49e088688290444488438e86728c67aa\">\n.avia-section.av-lah4gr7r-49e088688290444488438e86728c67aa{\nbackground-repeat:no-repeat;\nbackground-image:url(https:\/\/serina.sk\/de\/wp-content\/uploads\/sites\/8\/2022\/11\/2014-03-12_Peter_Serina_kancelaria_portrety-18.jpg);\nbackground-position:50% 50%;\nbackground-attachment:fixed;\n}\n.avia-section.av-lah4gr7r-49e088688290444488438e86728c67aa .av-section-color-overlay{\nopacity:0.5;\nbackground-color:#000000;\n}\n<\/style>\n<div id='av_section_1'  class='avia-section av-lah4gr7r-49e088688290444488438e86728c67aa main_color avia-section-default avia-no-border-styling  avia-builder-el-0  el_before_av_section  avia-builder-el-first  avia-full-stretch avia-bg-style-fixed av-section-color-overlay-active av-minimum-height av-minimum-height-custom  container_wrap sidebar_right'  data-section-bg-repeat='stretch' data-av_minimum_height_px='250'><div class=\"av-section-color-overlay-wrap\"><div class=\"av-section-color-overlay\"><\/div><div class='container av-section-cont-open' style='height:250px'><main  role=\"main\" itemprop=\"mainContentOfPage\"  class='template-page content  av-content-small alpha units'><div class='post-entry post-entry-type-page post-entry-3'><div class='entry-content-wrapper clearfix'>\n\n<style type=\"text\/css\" data-created_by=\"avia_inline_auto\" id=\"style-css-av-lah4glxo-9accf276d6faaa063db6c8d7d6ac0873\">\n#top .av-special-heading.av-lah4glxo-9accf276d6faaa063db6c8d7d6ac0873{\npadding-bottom:10px;\ncolor:#ffffff;\n}\nbody .av-special-heading.av-lah4glxo-9accf276d6faaa063db6c8d7d6ac0873 .av-special-heading-tag .heading-char{\nfont-size:25px;\n}\n.av-special-heading.av-lah4glxo-9accf276d6faaa063db6c8d7d6ac0873 .special-heading-inner-border{\nborder-color:#ffffff;\n}\n.av-special-heading.av-lah4glxo-9accf276d6faaa063db6c8d7d6ac0873 .av-subheading{\nfont-size:15px;\n}\n<\/style>\n<div  class='av-special-heading av-lah4glxo-9accf276d6faaa063db6c8d7d6ac0873 av-special-heading-h1 custom-color-heading blockquote modern-quote modern-centered  avia-builder-el-1  avia-builder-el-no-sibling '><h1 class='av-special-heading-tag'  itemprop=\"headline\"  >Datenschutz-Bestimmungen<\/h1><div class=\"special-heading-border\"><div class=\"special-heading-inner-border\"><\/div><\/div><\/div>\n\n<\/div><\/div><\/main><!-- close content main element --><\/div><\/div><\/div>\n<style type=\"text\/css\" data-created_by=\"avia_inline_auto\" id=\"style-css-av-lah4i1ed-5fc298bddbcd16ccd685ac109198f2a1\">\n.avia-section.av-lah4i1ed-5fc298bddbcd16ccd685ac109198f2a1{\nbackground-repeat:no-repeat;\nbackground-image:url(https:\/\/serina.sk\/de\/wp-content\/uploads\/sites\/8\/2022\/11\/2014-03-12_Peter_Serina_kancelaria_portrety-18.jpg);\nbackground-position:50% 50%;\nbackground-attachment:fixed;\n}\n.avia-section.av-lah4i1ed-5fc298bddbcd16ccd685ac109198f2a1 .av-section-color-overlay{\nopacity:0.8;\nbackground-color:#ffffff;\n}\n<\/style>\n<div id='av_section_2'  class='avia-section av-lah4i1ed-5fc298bddbcd16ccd685ac109198f2a1 main_color avia-section-default avia-no-border-styling  avia-builder-el-2  el_after_av_section  avia-builder-el-last  avia-full-stretch avia-bg-style-fixed av-section-color-overlay-active av-minimum-height av-minimum-height-custom  container_wrap sidebar_right'  data-section-bg-repeat='stretch' data-av_minimum_height_px='400'><div class=\"av-section-color-overlay-wrap\"><div class=\"av-section-color-overlay\"><\/div><div class='container av-section-cont-open' style='height:400px'><div class='template-page content  av-content-small alpha units'><div class='post-entry post-entry-type-page post-entry-3'><div class='entry-content-wrapper clearfix'>\n<div class='flex_column_table av-3agj-f2ddd5f8e7715777ed3620102795fd5d sc-av_one_full av-equal-height-column-flextable'>\n<style type=\"text\/css\" data-created_by=\"avia_inline_auto\" id=\"style-css-av-3agj-f2ddd5f8e7715777ed3620102795fd5d\">\n.flex_column.av-3agj-f2ddd5f8e7715777ed3620102795fd5d{\nwidth:100%;\nmargin-left:0;\npadding:30px 30px 30px 30px;\nbackground-color:rgba(255,255,255,0.8);\n}\n#top .flex_column_table.av-equal-height-column-flextable.av-3agj-f2ddd5f8e7715777ed3620102795fd5d .av-flex-placeholder{\nwidth:0%;\n}\n<\/style>\n<div class='flex_column av-3agj-f2ddd5f8e7715777ed3620102795fd5d av_one_full  avia-builder-el-3  avia-builder-el-no-sibling  first flex_column_table_cell av-equal-height-column av-align-top '     ><section  class='av_textblock_section av-lah4ezi7-95d298091ef8f3c984f8b7db223dd283'  itemscope=\"itemscope\" itemtype=\"https:\/\/schema.org\/CreativeWork\" ><div class='avia_textblock'  itemprop=\"text\" ><div id=\"entries-box\">\n<div class=\"post-item\">\n<div class=\"entry\">\n<h4>Sehr geehrten Klienten,<\/h4>\n<p>wir m\u00f6chten Sie \u00fcber die Art und Weise der Verarbeitung und Archivierung Ihrer personenbezogenen Daten im Zusammenhang mit den Anforderungen der neuen Verordnung der Europ\u00e4ischen Union zum Schutz personenbezogener Daten, die am 25. Mai 2018 in Kraft tritt, informieren.<\/p>\n<p>Unsere Kanzlei verarbeitet personenbezogene Daten im Umfang von Vorname, Nachname, Adresse, Sozialversicherungsnummer, Telefonnummer, E-Mail und bei selbstst\u00e4ndigen nat\u00fcrlichen Personen auch ID-Nummer, DIC, Umsatzsteuer-Identifikationsnummer auf der gesetzlichen Grundlage der Vertragserf\u00fcllung und der Erf\u00fcllung von Steuer- und Buchhaltungspflichten gegen\u00fcber den staatlichen Beh\u00f6rden der Slowakischen Republik. Der Zweck der Verarbeitung personenbezogener Daten ist die Erbringung von Dienstleistungen und die Erf\u00fcllung gesetzlicher Verpflichtungen gem\u00e4\u00df den geltenden Gesetzen der Slowakischen Republik.<\/p>\n<p>Wir geben Ihre personenbezogenen Daten nicht an Dritte weiter, au\u00dfer an staatliche und \u00f6ffentliche Stellen, wenn wir gesetzlich dazu verpflichtet sind, insbesondere Finanzamt, Sozialversicherung, Krankenkassen, Strafverfolgungsbeh\u00f6rden, Gerichte und Testamentsvollstrecker, und mit Ausnahme von Privatpersonen, soweit dies zur Erf\u00fcllung gesetzlicher Pflichten in Bezug auf den Lohn-, Steuer- und Rechnungswesen und ggf. zur Sicherstellung der Verg\u00fctung unserer Leistungen erforderlich ist \/Rechtsanwalt\/.<\/p>\n<p>Die oben genannten personenbezogenen Daten werden von unserem Unternehmen in \u00dcbereinstimmung mit dem Gesetz f\u00fcr den Zeitraum aufbewahrt, der aus Sicht der in der Slowakischen Republik geltenden Steuer- und Rechnungslegungsvorschriften unbedingt erforderlich ist.<\/p>\n<p>Unser Unternehmen sichert personenbezogene Daten mit allen verf\u00fcgbaren Mitteln, sei es physischer, verfahrenstechnischer oder softwarem\u00e4\u00dfiger Art, w\u00e4hrend wir unsere Systeme und Verfahren st\u00e4ndig verbessern.<\/p>\n<p>Sie haben das Recht zu erfahren, welche personenbezogenen Daten wir \u00fcber Sie speichern. Dieses Recht wird Antrag auf Zugang der betroffenen Person zu personenbezogenen Daten genannt. Sie haben das Recht, Berichtigung\/\u00dcbertragung\/Einschr\u00e4nkung\/Widerspruch gegen die Verarbeitung\/L\u00f6schung Ihrer von uns verarbeiteten personenbezogenen Daten zu verlangen. Sie k\u00f6nnen dieses Recht unter serina(@)serina.sk aus\u00fcben.<\/p>\n<p>Die Aufsichtsbeh\u00f6rde f\u00fcr die Einhaltung der Datenschutzverordnung ist die Beschwerdestelle<\/p>\n<p>\u00darad na ochranu osobn\u00fdch \u00fadajov,Hrani\u010dn\u00e1 12, 820 07 Bratislava 27,<br \/>\nSlovensk\u00e1 republika,<br \/>\nTel.: + 421 2 32 31 32 14,<br \/>\nFax: + 421 2 32 31 32 34,<br \/>\ne-mail: statny.dozor@pdp.gov.sk,<br \/>\n<a href=\"http:\/\/www.dataprotection.gov.sk\/\" target=\"_blank\" rel=\"noopener\">http:\/\/www.dataprotection.gov.sk\/<\/a><\/p>\n<p>In Bratislava, 25. Mai 2018<\/p>\n<p>Peter Serina, Gesch\u00e4ftsf\u00fchrer, Rechtsanwalt<\/p>\n<\/div>\n<\/div>\n<\/div>\n<\/div><\/section><\/div><\/div><!--close column table wrapper. Autoclose: 1 --><\/div><\/div><\/div><!-- close content main div --><\/div><\/div><\/div><div id='after_section_2'  class='main_color av_default_container_wrap container_wrap sidebar_right'  ><div class='container av-section-cont-open' ><div class='template-page content  av-content-small alpha units'><div class='post-entry post-entry-type-page post-entry-3'><div class='entry-content-wrapper clearfix'>\n","protected":false},"excerpt":{"rendered":"","protected":false},"author":1,"featured_media":0,"parent":0,"menu_order":0,"comment_status":"closed","ping_status":"closed","template":"","meta":{"om_disable_all_campaigns":false,"_monsterinsights_skip_tracking":false,"_monsterinsights_sitenote_active":false,"_monsterinsights_sitenote_note":"","_monsterinsights_sitenote_category":0,"footnotes":""},"class_list":["post-3","page","type-page","status-publish","hentry"],"aioseo_notices":[],"yoast_head":"<!-- This site is optimized with the Yoast SEO plugin v27.5 - https:\/\/yoast.com\/product\/yoast-seo-wordpress\/ -->\n<title>Datenschutz-Bestimmungen - Nem\u010dina<\/title>\n<meta name=\"robots\" content=\"index, follow, max-snippet:-1, max-image-preview:large, max-video-preview:-1\" \/>\n<link rel=\"canonical\" href=\"https:\/\/advokatserina.sk\/de\/datenschutz-bestimmungen\/\" \/>\n<meta property=\"og:locale\" content=\"de_DE\" \/>\n<meta property=\"og:type\" content=\"article\" \/>\n<meta property=\"og:title\" content=\"Datenschutz-Bestimmungen - Nem\u010dina\" \/>\n<meta property=\"og:url\" content=\"https:\/\/advokatserina.sk\/de\/datenschutz-bestimmungen\/\" \/>\n<meta property=\"og:site_name\" content=\"Nem\u010dina\" \/>\n<meta property=\"article:modified_time\" content=\"2022-11-26T07:38:41+00:00\" \/>\n<meta name=\"twitter:card\" content=\"summary_large_image\" \/>\n<meta name=\"twitter:label1\" content=\"Gesch\u00e4tzte Lesezeit\" \/>\n\t<meta name=\"twitter:data1\" content=\"4\u00a0Minuten\" \/>\n<script type=\"application\/ld+json\" class=\"yoast-schema-graph\">{\"@context\":\"https:\\\/\\\/schema.org\",\"@graph\":[{\"@type\":\"WebPage\",\"@id\":\"https:\\\/\\\/advokatserina.sk\\\/de\\\/datenschutz-bestimmungen\\\/\",\"url\":\"https:\\\/\\\/advokatserina.sk\\\/de\\\/datenschutz-bestimmungen\\\/\",\"name\":\"Datenschutz-Bestimmungen - Nem\u010dina\",\"isPartOf\":{\"@id\":\"https:\\\/\\\/advokatserina.sk\\\/de\\\/#website\"},\"datePublished\":\"2022-09-16T09:24:01+00:00\",\"dateModified\":\"2022-11-26T07:38:41+00:00\",\"breadcrumb\":{\"@id\":\"https:\\\/\\\/advokatserina.sk\\\/de\\\/datenschutz-bestimmungen\\\/#breadcrumb\"},\"inLanguage\":\"de\",\"potentialAction\":[{\"@type\":\"ReadAction\",\"target\":[\"https:\\\/\\\/advokatserina.sk\\\/de\\\/datenschutz-bestimmungen\\\/\"]}]},{\"@type\":\"BreadcrumbList\",\"@id\":\"https:\\\/\\\/advokatserina.sk\\\/de\\\/datenschutz-bestimmungen\\\/#breadcrumb\",\"itemListElement\":[{\"@type\":\"ListItem\",\"position\":1,\"name\":\"Domovsk\u00e1 str\u00e1nka\",\"item\":\"https:\\\/\\\/advokatserina.sk\\\/de\\\/peter-serina\\\/\"},{\"@type\":\"ListItem\",\"position\":2,\"name\":\"Datenschutz-Bestimmungen\"}]},{\"@type\":\"WebSite\",\"@id\":\"https:\\\/\\\/advokatserina.sk\\\/de\\\/#website\",\"url\":\"https:\\\/\\\/advokatserina.sk\\\/de\\\/\",\"name\":\"Nem\u010dina\",\"description\":\"Anwalt Peter Serina\",\"potentialAction\":[{\"@type\":\"SearchAction\",\"target\":{\"@type\":\"EntryPoint\",\"urlTemplate\":\"https:\\\/\\\/advokatserina.sk\\\/de\\\/?s={search_term_string}\"},\"query-input\":{\"@type\":\"PropertyValueSpecification\",\"valueRequired\":true,\"valueName\":\"search_term_string\"}}],\"inLanguage\":\"de\"}]}<\/script>\n<!-- \/ Yoast SEO plugin. -->","yoast_head_json":{"title":"Datenschutz-Bestimmungen - Nem\u010dina","robots":{"index":"index","follow":"follow","max-snippet":"max-snippet:-1","max-image-preview":"max-image-preview:large","max-video-preview":"max-video-preview:-1"},"canonical":"https:\/\/advokatserina.sk\/de\/datenschutz-bestimmungen\/","og_locale":"de_DE","og_type":"article","og_title":"Datenschutz-Bestimmungen - Nem\u010dina","og_url":"https:\/\/advokatserina.sk\/de\/datenschutz-bestimmungen\/","og_site_name":"Nem\u010dina","article_modified_time":"2022-11-26T07:38:41+00:00","twitter_card":"summary_large_image","twitter_misc":{"Gesch\u00e4tzte Lesezeit":"4\u00a0Minuten"},"schema":{"@context":"https:\/\/schema.org","@graph":[{"@type":"WebPage","@id":"https:\/\/advokatserina.sk\/de\/datenschutz-bestimmungen\/","url":"https:\/\/advokatserina.sk\/de\/datenschutz-bestimmungen\/","name":"Datenschutz-Bestimmungen - Nem\u010dina","isPartOf":{"@id":"https:\/\/advokatserina.sk\/de\/#website"},"datePublished":"2022-09-16T09:24:01+00:00","dateModified":"2022-11-26T07:38:41+00:00","breadcrumb":{"@id":"https:\/\/advokatserina.sk\/de\/datenschutz-bestimmungen\/#breadcrumb"},"inLanguage":"de","potentialAction":[{"@type":"ReadAction","target":["https:\/\/advokatserina.sk\/de\/datenschutz-bestimmungen\/"]}]},{"@type":"BreadcrumbList","@id":"https:\/\/advokatserina.sk\/de\/datenschutz-bestimmungen\/#breadcrumb","itemListElement":[{"@type":"ListItem","position":1,"name":"Domovsk\u00e1 str\u00e1nka","item":"https:\/\/advokatserina.sk\/de\/peter-serina\/"},{"@type":"ListItem","position":2,"name":"Datenschutz-Bestimmungen"}]},{"@type":"WebSite","@id":"https:\/\/advokatserina.sk\/de\/#website","url":"https:\/\/advokatserina.sk\/de\/","name":"Nem\u010dina","description":"Anwalt Peter Serina","potentialAction":[{"@type":"SearchAction","target":{"@type":"EntryPoint","urlTemplate":"https:\/\/advokatserina.sk\/de\/?s={search_term_string}"},"query-input":{"@type":"PropertyValueSpecification","valueRequired":true,"valueName":"search_term_string"}}],"inLanguage":"de"}]}},"_links":{"self":[{"href":"https:\/\/serina.sk\/de\/wp-json\/wp\/v2\/pages\/3","targetHints":{"allow":["GET"]}}],"collection":[{"href":"https:\/\/serina.sk\/de\/wp-json\/wp\/v2\/pages"}],"about":[{"href":"https:\/\/serina.sk\/de\/wp-json\/wp\/v2\/types\/page"}],"author":[{"embeddable":true,"href":"https:\/\/serina.sk\/de\/wp-json\/wp\/v2\/users\/1"}],"replies":[{"embeddable":true,"href":"https:\/\/serina.sk\/de\/wp-json\/wp\/v2\/comments?post=3"}],"version-history":[{"count":9,"href":"https:\/\/serina.sk\/de\/wp-json\/wp\/v2\/pages\/3\/revisions"}],"predecessor-version":[{"id":614,"href":"https:\/\/serina.sk\/de\/wp-json\/wp\/v2\/pages\/3\/revisions\/614"}],"wp:attachment":[{"href":"https:\/\/serina.sk\/de\/wp-json\/wp\/v2\/media?parent=3"}],"curies":[{"name":"wp","href":"https:\/\/api.w.org\/{rel}","templated":true}]}}